{"id":140,"date":"2023-05-07T23:08:49","date_gmt":"2023-05-08T02:08:49","guid":{"rendered":"https:\/\/nomade.tec.br\/?page_id=140"},"modified":"2023-05-07T23:08:49","modified_gmt":"2023-05-08T02:08:49","slug":"portfolio","status":"publish","type":"page","link":"https:\/\/nomade.tec.br\/es\/portfolio\/","title":{"rendered":"Nuestro portafolio"},"content":{"rendered":"\n<p>Somos especialistas en la implementaci\u00f3n de la plataforma de participaci\u00f3n social <a href=\"https:\/\/decidim.org\" target=\"_blank\" rel=\"noreferrer noopener\">Decidim<\/a>, desarrollado con software libre, abierto y seguro. Se implement\u00f3 con el fin de fortalecer los movimientos democr\u00e1ticos en todo el mundo. Ayudar a las personas y organizaciones p\u00fablicas, privadas y comunitarias a autoorganizarse democr\u00e1ticamente a todas las escalas desde un barrio, una ciudad, un estado e incluso un pa\u00eds.<\/p>\n\n\n\n<p>Actuamos en la implementaci\u00f3n, personalizaci\u00f3n y capacitaci\u00f3n para el uso de Decidim, poni\u00e9ndolo a disposici\u00f3n en base al modelo de software como servicio (<a rel=\"noreferrer noopener\" href=\"https:\/\/pt.wikipedia.org\/wiki\/Software_como_servi%C3%A7o\" target=\"_blank\">SaaS<\/a>). Lo que permite que cualquier persona, gobierno u organizaci\u00f3n tenga acceso al entorno de participaci\u00f3n social en pocas horas sin preocuparse por los aspectos t\u00e9cnicos de instalaci\u00f3n y escalado, calibrando su enfoque a la creaci\u00f3n y animaci\u00f3n de procesos participativos y cultivo de redes de participaci\u00f3n.<\/p>\n\n\n\n<p>A continuaci\u00f3n se presentan algunas de las instancias de Decidim en las que participamos en la instalaci\u00f3n, personalizaci\u00f3n, desarrollo de flujos de procesos y capacitaci\u00f3n.<\/p>\n\n\n\n<hr class=\"wp-block-separator has-alpha-channel-opacity\"\/>\n\n\n\n<p>A trav\u00e9s del proyecto Voices for Climate Action de <a rel=\"noreferrer noopener\" href=\"https:\/\/hivos.org\/\" target=\"_blank\"><strong>Hivos<\/strong><\/a>, Implementamos una plataforma de participaci\u00f3n popular enfocada en organizar y difundir el debate sobre medio ambiente y clima, la <strong><a rel=\"noreferrer noopener\" href=\"https:\/\/plantaformas.org\/\" target=\"_blank\">Plantaformas<\/a><\/strong>.<\/p>\n\n\n\n<figure class=\"wp-block-image size-large is-resized\"><img loading=\"lazy\" decoding=\"async\" src=\"https:\/\/nomade.tec.br\/wp-content\/uploads\/2023\/05\/plantaformas-portifolio-1-957x1024.jpg\" alt=\"\" class=\"wp-image-226\" width=\"674\" height=\"721\"\/><\/figure>\n\n\n\n<hr class=\"wp-block-separator has-alpha-channel-opacity\"\/>\n\n\n\n<p>Trabajamos en la implementaci\u00f3n de la plataforma permanente de participaci\u00f3n social de la Alcald\u00eda de Bel\u00e9m <a rel=\"noreferrer noopener\" href=\"https:\/\/decide.belem.pa.gov.br\/\" target=\"_blank\"><strong>T\u00e1 Selado!<\/strong><\/a> en alianza con <a rel=\"noreferrer noopener\" href=\"https:\/\/cinbesa.belem.pa.gov.br\/\" target=\"_blank\"><strong>CINBESA<\/strong><\/a>.<\/p>\n\n\n\n<figure class=\"wp-block-image size-large is-resized\"><img loading=\"lazy\" decoding=\"async\" src=\"https:\/\/nomade.tec.br\/wp-content\/uploads\/2023\/05\/ta-selado-portifolio-780x1024.jpg\" alt=\"\" class=\"wp-image-220\" width=\"674\" height=\"884\" srcset=\"https:\/\/nomade.tec.br\/wp-content\/uploads\/2023\/05\/ta-selado-portifolio-780x1024.jpg 780w, https:\/\/nomade.tec.br\/wp-content\/uploads\/2023\/05\/ta-selado-portifolio-229x300.jpg 229w, https:\/\/nomade.tec.br\/wp-content\/uploads\/2023\/05\/ta-selado-portifolio-768x1008.jpg 768w, https:\/\/nomade.tec.br\/wp-content\/uploads\/2023\/05\/ta-selado-portifolio-1170x1536.jpg 1170w, https:\/\/nomade.tec.br\/wp-content\/uploads\/2023\/05\/ta-selado-portifolio.jpg 1366w\" sizes=\"auto, (max-width: 674px) 100vw, 674px\" \/><\/figure>\n\n\n\n<hr class=\"wp-block-separator has-alpha-channel-opacity\"\/>\n\n\n\n<p>Actualmente estamos trabajando en una asociaci\u00f3n de colaboraci\u00f3n con <strong><a rel=\"noreferrer noopener\" href=\"https:\/\/www.dataprev.gov.br\/\" target=\"_blank\">Dataprev<\/a><\/strong> y <a rel=\"noreferrer noopener\" href=\"https:\/\/fga.unb.br\/lappis\/\" target=\"_blank\"><strong>LAPPIS<\/strong><\/a> de la UnB para la implementaci\u00f3n de la plataforma de participaci\u00f3n social del gobierno federal denominada <strong><a rel=\"noreferrer noopener\" href=\"https:\/\/brasilparticipativo.presidencia.gov.br\" target=\"_blank\">Brasil Participativo<\/a><\/strong>.<\/p>\n\n\n\n<figure class=\"wp-block-image size-large\"><img loading=\"lazy\" decoding=\"async\" width=\"780\" height=\"1024\" src=\"https:\/\/nomade.tec.br\/wp-content\/uploads\/2023\/05\/decidim-brasil-portifolio-780x1024.jpg\" alt=\"\" class=\"wp-image-221\" srcset=\"https:\/\/nomade.tec.br\/wp-content\/uploads\/2023\/05\/decidim-brasil-portifolio-780x1024.jpg 780w, https:\/\/nomade.tec.br\/wp-content\/uploads\/2023\/05\/decidim-brasil-portifolio-229x300.jpg 229w, https:\/\/nomade.tec.br\/wp-content\/uploads\/2023\/05\/decidim-brasil-portifolio-768x1008.jpg 768w, https:\/\/nomade.tec.br\/wp-content\/uploads\/2023\/05\/decidim-brasil-portifolio-1170x1536.jpg 1170w, https:\/\/nomade.tec.br\/wp-content\/uploads\/2023\/05\/decidim-brasil-portifolio.jpg 1366w\" sizes=\"auto, (max-width: 767px) 89vw, (max-width: 1000px) 54vw, (max-width: 1071px) 543px, 580px\" \/><\/figure>\n\n\n\n<hr class=\"wp-block-separator has-alpha-channel-opacity\"\/>\n","protected":false},"excerpt":{"rendered":"<p>Somos especialistas en la implementaci\u00f3n de la plataforma de participaci\u00f3n social Decidim, desarrollado con software libre, abierto y seguro. Se implement\u00f3 con el fin de fortalecer los movimientos democr\u00e1ticos en todo el mundo. Ayudar a las personas y organizaciones p\u00fablicas, privadas y comunitarias a autoorganizarse democr\u00e1ticamente a todas las escalas desde un barrio, una ciudad, &hellip; <\/p>\n<p class=\"link-more\"><a href=\"https:\/\/nomade.tec.br\/es\/portfolio\/\" class=\"more-link\">Continuar leyendo<span class=\"screen-reader-text\"> \u00abNuestro portafolio\u00bb<\/span><\/a><\/p>\n","protected":false},"author":1,"featured_media":239,"parent":0,"menu_order":0,"comment_status":"closed","ping_status":"closed","template":"","meta":{"footnotes":""},"class_list":["post-140","page","type-page","status-publish","has-post-thumbnail","hentry"],"jetpack_sharing_enabled":true,"_links":{"self":[{"href":"https:\/\/nomade.tec.br\/es\/wp-json\/wp\/v2\/pages\/140","targetHints":{"allow":["GET"]}}],"collection":[{"href":"https:\/\/nomade.tec.br\/es\/wp-json\/wp\/v2\/pages"}],"about":[{"href":"https:\/\/nomade.tec.br\/es\/wp-json\/wp\/v2\/types\/page"}],"author":[{"embeddable":true,"href":"https:\/\/nomade.tec.br\/es\/wp-json\/wp\/v2\/users\/1"}],"replies":[{"embeddable":true,"href":"https:\/\/nomade.tec.br\/es\/wp-json\/wp\/v2\/comments?post=140"}],"version-history":[{"count":0,"href":"https:\/\/nomade.tec.br\/es\/wp-json\/wp\/v2\/pages\/140\/revisions"}],"wp:featuredmedia":[{"embeddable":true,"href":"https:\/\/nomade.tec.br\/es\/wp-json\/wp\/v2\/media\/239"}],"wp:attachment":[{"href":"https:\/\/nomade.tec.br\/es\/wp-json\/wp\/v2\/media?parent=140"}],"curies":[{"name":"wp","href":"https:\/\/api.w.org\/{rel}","templated":true}]}}